{"id":11445,"date":"2019-12-09T18:28:00","date_gmt":"2019-12-09T17:28:00","guid":{"rendered":"https:\/\/www.aceitesalbert.com\/?page_id=11445"},"modified":"2024-07-17T18:41:11","modified_gmt":"2024-07-17T16:41:11","slug":"politique-de-lentreprise","status":"publish","type":"page","link":"https:\/\/www.aceitesalbert.com\/fr\/politique-de-lentreprise\/","title":{"rendered":"Politique de L\u00b4Entreprise"},"content":{"rendered":"<p>[et_pb_section fb_built=\u00a0\u00bb1&Prime; module_id=\u00a0\u00bbpolitica\u00a0\u00bb _builder_version=\u00a0\u00bb4.16&Prime; global_colors_info=\u00a0\u00bb{}\u00a0\u00bb locked=\u00a0\u00bboff\u00a0\u00bb theme_builder_area=\u00a0\u00bbpost_content\u00a0\u00bb][et_pb_row _builder_version=\u00a0\u00bb4.16&Prime; global_colors_info=\u00a0\u00bb{}\u00a0\u00bb theme_builder_area=\u00a0\u00bbpost_content\u00a0\u00bb][et_pb_column type=\u00a0\u00bb4_4&Prime; _builder_version=\u00a0\u00bb4.16&Prime; global_colors_info=\u00a0\u00bb{}\u00a0\u00bb theme_builder_area=\u00a0\u00bbpost_content\u00a0\u00bb][et_pb_image src=\u00a0\u00bbhttps:\/\/www.aceitesalbert.com\/wp-content\/uploads\/2022\/01\/nueva_normativa.png\u00a0\u00bb title_text=\u00a0\u00bbnueva_normativa\u00a0\u00bb _builder_version=\u00a0\u00bb4.16&Prime; global_colors_info=\u00a0\u00bb{}\u00a0\u00bb theme_builder_area=\u00a0\u00bbpost_content\u00a0\u00bb][\/et_pb_image][\/et_pb_column][\/et_pb_row][et_pb_row column_structure=\u00a0\u00bb1_4,3_4&Prime; _builder_version=\u00a0\u00bb4.16&Prime; global_colors_info=\u00a0\u00bb{}\u00a0\u00bb theme_builder_area=\u00a0\u00bbpost_content\u00a0\u00bb][et_pb_column type=\u00a0\u00bb1_4&Prime; _builder_version=\u00a0\u00bb4.16&Prime; global_colors_info=\u00a0\u00bb{}\u00a0\u00bb theme_builder_area=\u00a0\u00bbpost_content\u00a0\u00bb][et_pb_image src=\u00a0\u00bbhttps:\/\/www.aceitesalbert.com\/wp-content\/uploads\/2019\/12\/ico-mision.jpg\u00a0\u00bb force_fullwidth=\u00a0\u00bbon\u00a0\u00bb _builder_version=\u00a0\u00bb4.16&Prime; global_colors_info=\u00a0\u00bb{}\u00a0\u00bb theme_builder_area=\u00a0\u00bbpost_content\u00a0\u00bb][\/et_pb_image][\/et_pb_column][et_pb_column type=\u00a0\u00bb3_4&Prime; _builder_version=\u00a0\u00bb4.16&Prime; global_colors_info=\u00a0\u00bb{}\u00a0\u00bb theme_builder_area=\u00a0\u00bbpost_content\u00a0\u00bb][et_pb_text _builder_version=\u00a0\u00bb4.16&Prime; global_colors_info=\u00a0\u00bb{}\u00a0\u00bb theme_builder_area=\u00a0\u00bbpost_content\u00a0\u00bb]<\/p>\n<p><span lang=\"fr-FR\"><strong>La mission d&rsquo;ACEITES ALBERT, S.A<\/strong>. est le conditionnement et la vente en gros et au d\u00e9tail d&rsquo;huiles alimentaires, ainsi que la distribution de sauces de table, d&rsquo;olives et de vinaigres, avec les plus hauts niveaux de qualit\u00e9 et de respect de l&rsquo;environnement, en orientant toutes les ressources et tous les efforts de l&rsquo;entreprise vers le respect des exigences de nos produits, des exigences de nos clients, des exigences l\u00e9gales et r\u00e9glementaires, ainsi que d&rsquo;autres exigences applicables aux produits (\u00e9cologiques, halal, kasher, etc.).<\/span><\/p>\n<p>[\/et_pb_text][\/et_pb_column][\/et_pb_row][et_pb_row column_structure=\u00a0\u00bb1_4,3_4&Prime; _builder_version=\u00a0\u00bb4.16&Prime; locked=\u00a0\u00bboff\u00a0\u00bb global_colors_info=\u00a0\u00bb{}\u00a0\u00bb theme_builder_area=\u00a0\u00bbpost_content\u00a0\u00bb][et_pb_column type=\u00a0\u00bb1_4&Prime; _builder_version=\u00a0\u00bb4.16&Prime; global_colors_info=\u00a0\u00bb{}\u00a0\u00bb theme_builder_area=\u00a0\u00bbpost_content\u00a0\u00bb][et_pb_image src=\u00a0\u00bbhttps:\/\/www.aceitesalbert.com\/wp-content\/uploads\/2019\/12\/ico-objetivo-1.jpg\u00a0\u00bb force_fullwidth=\u00a0\u00bbon\u00a0\u00bb _builder_version=\u00a0\u00bb4.16&Prime; global_colors_info=\u00a0\u00bb{}\u00a0\u00bb theme_builder_area=\u00a0\u00bbpost_content\u00a0\u00bb][\/et_pb_image][\/et_pb_column][et_pb_column type=\u00a0\u00bb3_4&Prime; _builder_version=\u00a0\u00bb4.16&Prime; global_colors_info=\u00a0\u00bb{}\u00a0\u00bb theme_builder_area=\u00a0\u00bbpost_content\u00a0\u00bb][et_pb_text _builder_version=\u00a0\u00bb4.16&Prime; global_colors_info=\u00a0\u00bb{}\u00a0\u00bb theme_builder_area=\u00a0\u00bbpost_content\u00a0\u00bb custom_padding=\u00a0\u00bb||1px|||\u00a0\u00bb]<\/p>\n<p><span lang=\"fr-FR\"><strong>L&rsquo;objectif principal d&rsquo;ACEITES ALBERT, S.A<\/strong>. est d&rsquo;obtenir la plus grande satisfaction possible de toutes les parties int\u00e9ress\u00e9es dans l&rsquo;accomplissement de cette mission. Par cons\u00e9quent, toute l&rsquo;organisation est impliqu\u00e9e dans l&rsquo;am\u00e9lioration continue de la qualit\u00e9 de nos produits, en veillant toujours \u00e0 la pr\u00e9vention de la pollution de l&rsquo;environnement et en garantissant une s\u00e9curit\u00e9 alimentaire maximale. La direction de l&rsquo;entreprise promeut la culture de la s\u00e9curit\u00e9 alimentaire en communiquant les valeurs, les politiques et les responsabilit\u00e9s en mati\u00e8re de s\u00e9curit\u00e9 alimentaire et en formant tous les employ\u00e9s pour qu&rsquo;ils puissent s&rsquo;acquitter correctement de leurs t\u00e2ches.<\/span><\/p>\n<p>[\/et_pb_text][\/et_pb_column][\/et_pb_row][et_pb_row column_structure=\u00a0\u00bb1_4,3_4&Prime; _builder_version=\u00a0\u00bb4.16&Prime; background_color=\u00a0\u00bb#ffffff\u00a0\u00bb locked=\u00a0\u00bboff\u00a0\u00bb global_colors_info=\u00a0\u00bb{}\u00a0\u00bb theme_builder_area=\u00a0\u00bbpost_content\u00a0\u00bb][et_pb_column type=\u00a0\u00bb1_4&Prime; _builder_version=\u00a0\u00bb4.16&Prime; global_colors_info=\u00a0\u00bb{}\u00a0\u00bb theme_builder_area=\u00a0\u00bbpost_content\u00a0\u00bb][et_pb_image src=\u00a0\u00bbhttps:\/\/www.aceitesalbert.com\/wp-content\/uploads\/2019\/12\/ico-sistema-1.jpg\u00a0\u00bb force_fullwidth=\u00a0\u00bbon\u00a0\u00bb _builder_version=\u00a0\u00bb4.16&Prime; global_colors_info=\u00a0\u00bb{}\u00a0\u00bb theme_builder_area=\u00a0\u00bbpost_content\u00a0\u00bb][\/et_pb_image][\/et_pb_column][et_pb_column type=\u00a0\u00bb3_4&Prime; _builder_version=\u00a0\u00bb4.16&Prime; global_colors_info=\u00a0\u00bb{}\u00a0\u00bb theme_builder_area=\u00a0\u00bbpost_content\u00a0\u00bb][et_pb_text _builder_version=\u00a0\u00bb4.16&Prime; background_color=\u00a0\u00bbrgba(0,0,0,0)\u00a0\u00bb global_colors_info=\u00a0\u00bb{}\u00a0\u00bb theme_builder_area=\u00a0\u00bbpost_content\u00a0\u00bb]<\/p>\n<p><span lang=\"fr-FR\"><strong>Notre syst\u00e8me de gestion de la qualit\u00e9, de l&rsquo;environnement et de la s\u00e9curit\u00e9 alimentaire<\/strong> est bas\u00e9 sur les normes UNE-EN ISO 9001, UNE-EN ISO 14001 et IFS Food, respectivement, et fournit le cadre pour atteindre les objectifs g\u00e9n\u00e9raux suivants:<\/span><\/p>\n<ul>\n<li><span lang=\"fr-FR\">Donner confiance \u00e0 nos clients en nos capacit\u00e9s techniques, notre disponibilit\u00e9, notre diligence, notre respect de l&rsquo;environnement, notre durabilit\u00e9, notre fiabilit\u00e9, notre s\u00e9curit\u00e9 alimentaire, la qualit\u00e9 de nos produits, notre l\u00e9galit\u00e9, notre authenticit\u00e9, notre \u00e9thique et notre responsabilit\u00e9 personnelle dans la prestation de nos services.<\/span><\/li>\n<li><span lang=\"fr-FR\">Disposer d&rsquo;une flexibilit\u00e9 suffisante pour s&rsquo;adapter aux exigences de nos clients dans un environnement changeant, dynamique et concurrentiel.<\/span><\/li>\n<li><span lang=\"fr-FR\">Disposer d&rsquo;un personnel suffisamment form\u00e9 et motiv\u00e9 pour am\u00e9liorer les processus, la s\u00e9curit\u00e9 alimentaire, la durabilit\u00e9 et la satisfaction des parties prenantes.<\/span><\/li>\n<li><span lang=\"fr-FR\">Assurer une rentabilit\u00e9 qui garantisse la durabilit\u00e9 de l&rsquo;entreprise sur un march\u00e9 de plus en plus concurrentiel, en cr\u00e9ant de la valeur \u00e9conomique pour les actionnaires de mani\u00e8re solide et durable.<\/span><\/li>\n<li><span lang=\"fr-FR\">Pr\u00e9venir la fraude alimentaire et assurer la d\u00e9fense des aliments.<\/span><\/li>\n<li><span lang=\"fr-FR\">Emp\u00eacher la commission de d\u00e9lits et tout type de corruption, active ou passive.<\/span><\/li>\n<\/ul>\n<p>[\/et_pb_text][\/et_pb_column][\/et_pb_row][et_pb_row column_structure=\u00a0\u00bb1_4,3_4&Prime; _builder_version=\u00a0\u00bb4.16&Prime; background_color=\u00a0\u00bbrgba(0,0,0,0)\u00a0\u00bb locked=\u00a0\u00bboff\u00a0\u00bb global_colors_info=\u00a0\u00bb{}\u00a0\u00bb theme_builder_area=\u00a0\u00bbpost_content\u00a0\u00bb][et_pb_column type=\u00a0\u00bb1_4&Prime; _builder_version=\u00a0\u00bb4.16&Prime; global_colors_info=\u00a0\u00bb{}\u00a0\u00bb theme_builder_area=\u00a0\u00bbpost_content\u00a0\u00bb][et_pb_image src=\u00a0\u00bbhttps:\/\/www.aceitesalbert.com\/wp-content\/uploads\/2019\/12\/ico-medios.jpg\u00a0\u00bb force_fullwidth=\u00a0\u00bbon\u00a0\u00bb _builder_version=\u00a0\u00bb4.16&Prime; global_colors_info=\u00a0\u00bb{}\u00a0\u00bb theme_builder_area=\u00a0\u00bbpost_content\u00a0\u00bb][\/et_pb_image][\/et_pb_column][et_pb_column type=\u00a0\u00bb3_4&Prime; _builder_version=\u00a0\u00bb4.16&Prime; background_color=\u00a0\u00bb#f0f0e3&Prime; global_colors_info=\u00a0\u00bb{}\u00a0\u00bb theme_builder_area=\u00a0\u00bbpost_content\u00a0\u00bb][et_pb_text _builder_version=\u00a0\u00bb4.16&Prime; background_color=\u00a0\u00bb#ffffff\u00a0\u00bb custom_css_before=\u00a0\u00bb||||\u00a0\u00bb global_colors_info=\u00a0\u00bb{}\u00a0\u00bb theme_builder_area=\u00a0\u00bbpost_content\u00a0\u00bb]<\/p>\n<p><span lang=\"fr-FR\"><strong>ACEITES ALBERT, S.A.<\/strong> s&rsquo;engage \u00e0 fournir les moyens n\u00e9cessaires pour atteindre ces objectifs, qui seront r\u00e9alis\u00e9s gr\u00e2ce \u00e0 la mise en \u0153uvre des lignes directrices suivantes :<\/span><\/p>\n<p lang=\"fr-FR\">\n<ul>\n<li><span lang=\"fr-FR\">Chaque membre de l&rsquo;organisation contribue \u00e0 la r\u00e9alisation des objectifs de l&rsquo;entreprise.<\/span><\/li>\n<li><span lang=\"fr-FR\">Chaque mission doit \u00eatre effectu\u00e9e correctement d\u00e8s le d\u00e9part, garantissant ainsi la qualit\u00e9 et la s\u00e9curit\u00e9 alimentaire du produit et contribuant \u00e0 atteindre les objectifs de rentabilit\u00e9 et de durabilit\u00e9.<\/span><\/li>\n<li><span lang=\"fr-FR\">L&rsquo;ensemble du personnel doit avoir une attitude proactive en mati\u00e8re d&rsquo;am\u00e9lioration et participer \u00e0 la d\u00e9tection, \u00e0 l&rsquo;analyse et \u00e0 la correction des d\u00e9fauts, des inefficacit\u00e9s et des mauvaises pratiques qui pourraient causer des probl\u00e8mes, ainsi qu&rsquo;\u00e0 l&rsquo;\u00e9limination de leurs causes.<\/span><\/li>\n<li><span lang=\"fr-FR\">L&rsquo;ensemble du personnel doit prendre en compte les aspects environnementaux li\u00e9s \u00e0 son activit\u00e9 \u00e0 tous les stades de son d\u00e9veloppement, afin de minimiser l&rsquo;impact qu&rsquo;elle peut avoir sur l&rsquo;environnement et de promouvoir une utilisation rationnelle des ressources.<\/span><\/li>\n<li><span lang=\"fr-FR\">Maintenir un contact permanent avec nos collaborateurs afin d&rsquo;am\u00e9liorer la qualit\u00e9 et la s\u00e9curit\u00e9 alimentaire de nos produits et encourager leur implication dans les aspects environnementaux (en mettant l&rsquo;accent sur la r\u00e9duction des d\u00e9chets et leur gestion ad\u00e9quate).<\/span><\/li>\n<\/ul>\n<p>[\/et_pb_text][\/et_pb_column][\/et_pb_row][et_pb_row column_structure=\u00a0\u00bb1_4,3_4&Prime; _builder_version=\u00a0\u00bb4.16&Prime; locked=\u00a0\u00bboff\u00a0\u00bb global_colors_info=\u00a0\u00bb{}\u00a0\u00bb theme_builder_area=\u00a0\u00bbpost_content\u00a0\u00bb][et_pb_column type=\u00a0\u00bb1_4&Prime; _builder_version=\u00a0\u00bb4.16&Prime; global_colors_info=\u00a0\u00bb{}\u00a0\u00bb theme_builder_area=\u00a0\u00bbpost_content\u00a0\u00bb][et_pb_image src=\u00a0\u00bbhttps:\/\/www.aceitesalbert.com\/wp-content\/uploads\/2019\/12\/ico-politica-1.jpg\u00a0\u00bb force_fullwidth=\u00a0\u00bbon\u00a0\u00bb _builder_version=\u00a0\u00bb4.16&Prime; global_colors_info=\u00a0\u00bb{}\u00a0\u00bb theme_builder_area=\u00a0\u00bbpost_content\u00a0\u00bb][\/et_pb_image][\/et_pb_column][et_pb_column type=\u00a0\u00bb3_4&Prime; _builder_version=\u00a0\u00bb4.16&Prime; global_colors_info=\u00a0\u00bb{}\u00a0\u00bb theme_builder_area=\u00a0\u00bbpost_content\u00a0\u00bb][et_pb_text _builder_version=\u00a0\u00bb4.22.2&Prime; global_colors_info=\u00a0\u00bb{}\u00a0\u00bb theme_builder_area=\u00a0\u00bbpost_content\u00a0\u00bb hover_enabled=\u00a0\u00bb0&Prime; sticky_enabled=\u00a0\u00bb0&Prime;]<\/p>\n<p class=\"text-justify\">L&rsquo;adoption de cette Politique et la responsabilisation de tous dans sa mise en \u0153uvre est une exigence indispensable pour accomplir notre mission et atteindre les objectifs pr\u00e9vus.<\/p>\n<p>[\/et_pb_text][\/et_pb_column][\/et_pb_row][et_pb_row column_structure=\u00a0\u00bb1_4,3_4&Prime; _builder_version=\u00a0\u00bb4.16&Prime; locked=\u00a0\u00bboff\u00a0\u00bb global_colors_info=\u00a0\u00bb{}\u00a0\u00bb theme_builder_area=\u00a0\u00bbpost_content\u00a0\u00bb][et_pb_column type=\u00a0\u00bb1_4&Prime; _builder_version=\u00a0\u00bb4.16&Prime; global_colors_info=\u00a0\u00bb{}\u00a0\u00bb theme_builder_area=\u00a0\u00bbpost_content\u00a0\u00bb][\/et_pb_column][et_pb_column type=\u00a0\u00bb3_4&Prime; _builder_version=\u00a0\u00bb4.16&Prime; global_colors_info=\u00a0\u00bb{}\u00a0\u00bb theme_builder_area=\u00a0\u00bbpost_content\u00a0\u00bb][et_pb_text _builder_version=\u00a0\u00bb4.22.2&Prime; global_colors_info=\u00a0\u00bb{}\u00a0\u00bb theme_builder_area=\u00a0\u00bbpost_content\u00a0\u00bb hover_enabled=\u00a0\u00bb0&Prime; sticky_enabled=\u00a0\u00bb0&Prime;]<\/p>\n<p align=\"right\"><span style=\"font-family: Arial Narrow, serif;\"><span lang=\"fr-FR\">Juan Luis Barrios<\/span><\/span><\/p>\n<p align=\"right\"><span style=\"font-family: Arial Narrow, serif;\"><span lang=\"fr-FR\">Directeur g\u00e9n\u00e9ral<\/span><\/span><\/p>\n<p align=\"right\"><span style=\"font-family: Arial Narrow, serif;\"><span lang=\"fr-FR\">Foios, F\u00e9vrier 2024<\/span><\/span><\/p>\n<p>[\/et_pb_text][\/et_pb_column][\/et_pb_row][\/et_pb_section]<\/p>\n","protected":false},"excerpt":{"rendered":"<p>La mission d&rsquo;ACEITES ALBERT, S.A. est le conditionnement et la vente en gros et au d\u00e9tail d&rsquo;huiles alimentaires, ainsi que la distribution de sauces de table, d&rsquo;olives et de vinaigres, avec les plus hauts niveaux de qualit\u00e9 et de respect de l&rsquo;environnement, en orientant toutes les ressources et tous les efforts de l&rsquo;entreprise vers le [&hellip;]<\/p>\n","protected":false},"author":1,"featured_media":0,"parent":0,"menu_order":0,"comment_status":"closed","ping_status":"closed","template":"","meta":{"_et_pb_use_builder":"on","_et_pb_old_content":"","_et_gb_content_width":"","footnotes":""},"class_list":["post-11445","page","type-page","status-publish","hentry"],"yoast_head":"<!-- This site is optimized with the Yoast SEO plugin v23.8 - https:\/\/yoast.com\/wordpress\/plugins\/seo\/ -->\n<title>Politique de L\u00b4Entreprise - Aceites Albert<\/title>\n<meta name=\"robots\" content=\"index, follow, max-snippet:-1, max-image-preview:large, max-video-preview:-1\" \/>\n<link rel=\"canonical\" href=\"https:\/\/www.aceitesalbert.com\/fr\/politique-de-lentreprise\/\" \/>\n<meta property=\"og:locale\" content=\"fr_FR\" \/>\n<meta property=\"og:type\" content=\"article\" \/>\n<meta property=\"og:title\" content=\"Politique de L\u00b4Entreprise - Aceites Albert\" \/>\n<meta property=\"og:description\" content=\"La mission d&#039;ACEITES ALBERT, S.A. est le conditionnement et la vente en gros et au d\u00e9tail d&#039;huiles alimentaires, ainsi que la distribution de sauces de table, d&#039;olives et de vinaigres, avec les plus hauts niveaux de qualit\u00e9 et de respect de l&#039;environnement, en orientant toutes les ressources et tous les efforts de l&#039;entreprise vers le [&hellip;]\" \/>\n<meta property=\"og:url\" content=\"https:\/\/www.aceitesalbert.com\/fr\/politique-de-lentreprise\/\" \/>\n<meta property=\"og:site_name\" content=\"Aceites Albert\" \/>\n<meta property=\"article:modified_time\" content=\"2024-07-17T16:41:11+00:00\" \/>\n<meta name=\"twitter:card\" content=\"summary_large_image\" \/>\n<script type=\"application\/ld+json\" class=\"yoast-schema-graph\">{\"@context\":\"https:\/\/schema.org\",\"@graph\":[{\"@type\":\"WebPage\",\"@id\":\"https:\/\/www.aceitesalbert.com\/fr\/politique-de-lentreprise\/\",\"url\":\"https:\/\/www.aceitesalbert.com\/fr\/politique-de-lentreprise\/\",\"name\":\"Politique de L\u00b4Entreprise - Aceites Albert\",\"isPartOf\":{\"@id\":\"https:\/\/www.aceitesalbert.com\/#website\"},\"datePublished\":\"2019-12-09T17:28:00+00:00\",\"dateModified\":\"2024-07-17T16:41:11+00:00\",\"breadcrumb\":{\"@id\":\"https:\/\/www.aceitesalbert.com\/fr\/politique-de-lentreprise\/#breadcrumb\"},\"inLanguage\":\"fr-FR\",\"potentialAction\":[{\"@type\":\"ReadAction\",\"target\":[\"https:\/\/www.aceitesalbert.com\/fr\/politique-de-lentreprise\/\"]}]},{\"@type\":\"BreadcrumbList\",\"@id\":\"https:\/\/www.aceitesalbert.com\/fr\/politique-de-lentreprise\/#breadcrumb\",\"itemListElement\":[{\"@type\":\"ListItem\",\"position\":1,\"name\":\"Portada\",\"item\":\"https:\/\/www.aceitesalbert.com\/\"},{\"@type\":\"ListItem\",\"position\":2,\"name\":\"Politique de L\u00b4Entreprise\"}]},{\"@type\":\"WebSite\",\"@id\":\"https:\/\/www.aceitesalbert.com\/#website\",\"url\":\"https:\/\/www.aceitesalbert.com\/\",\"name\":\"Aceites Albert\",\"description\":\"Aceites de Oliva, Oliva Virgen Extra, Girasol y Semillas\",\"publisher\":{\"@id\":\"https:\/\/www.aceitesalbert.com\/#organization\"},\"potentialAction\":[{\"@type\":\"SearchAction\",\"target\":{\"@type\":\"EntryPoint\",\"urlTemplate\":\"https:\/\/www.aceitesalbert.com\/?s={search_term_string}\"},\"query-input\":{\"@type\":\"PropertyValueSpecification\",\"valueRequired\":true,\"valueName\":\"search_term_string\"}}],\"inLanguage\":\"fr-FR\"},{\"@type\":\"Organization\",\"@id\":\"https:\/\/www.aceitesalbert.com\/#organization\",\"name\":\"Aceites Albert S.L\",\"url\":\"https:\/\/www.aceitesalbert.com\/\",\"logo\":{\"@type\":\"ImageObject\",\"inLanguage\":\"fr-FR\",\"@id\":\"https:\/\/www.aceitesalbert.com\/#\/schema\/logo\/image\/\",\"url\":\"https:\/\/www.aceitesalbert.com\/wp-content\/uploads\/2019\/09\/logo.png\",\"contentUrl\":\"https:\/\/www.aceitesalbert.com\/wp-content\/uploads\/2019\/09\/logo.png\",\"width\":186,\"height\":186,\"caption\":\"Aceites Albert S.L\"},\"image\":{\"@id\":\"https:\/\/www.aceitesalbert.com\/#\/schema\/logo\/image\/\"}}]}<\/script>\n<!-- \/ Yoast SEO plugin. -->","yoast_head_json":{"title":"Politique de L\u00b4Entreprise - Aceites Albert","robots":{"index":"index","follow":"follow","max-snippet":"max-snippet:-1","max-image-preview":"max-image-preview:large","max-video-preview":"max-video-preview:-1"},"canonical":"https:\/\/www.aceitesalbert.com\/fr\/politique-de-lentreprise\/","og_locale":"fr_FR","og_type":"article","og_title":"Politique de L\u00b4Entreprise - Aceites Albert","og_description":"La mission d'ACEITES ALBERT, S.A. est le conditionnement et la vente en gros et au d\u00e9tail d'huiles alimentaires, ainsi que la distribution de sauces de table, d'olives et de vinaigres, avec les plus hauts niveaux de qualit\u00e9 et de respect de l'environnement, en orientant toutes les ressources et tous les efforts de l'entreprise vers le [&hellip;]","og_url":"https:\/\/www.aceitesalbert.com\/fr\/politique-de-lentreprise\/","og_site_name":"Aceites Albert","article_modified_time":"2024-07-17T16:41:11+00:00","twitter_card":"summary_large_image","schema":{"@context":"https:\/\/schema.org","@graph":[{"@type":"WebPage","@id":"https:\/\/www.aceitesalbert.com\/fr\/politique-de-lentreprise\/","url":"https:\/\/www.aceitesalbert.com\/fr\/politique-de-lentreprise\/","name":"Politique de L\u00b4Entreprise - Aceites Albert","isPartOf":{"@id":"https:\/\/www.aceitesalbert.com\/#website"},"datePublished":"2019-12-09T17:28:00+00:00","dateModified":"2024-07-17T16:41:11+00:00","breadcrumb":{"@id":"https:\/\/www.aceitesalbert.com\/fr\/politique-de-lentreprise\/#breadcrumb"},"inLanguage":"fr-FR","potentialAction":[{"@type":"ReadAction","target":["https:\/\/www.aceitesalbert.com\/fr\/politique-de-lentreprise\/"]}]},{"@type":"BreadcrumbList","@id":"https:\/\/www.aceitesalbert.com\/fr\/politique-de-lentreprise\/#breadcrumb","itemListElement":[{"@type":"ListItem","position":1,"name":"Portada","item":"https:\/\/www.aceitesalbert.com\/"},{"@type":"ListItem","position":2,"name":"Politique de L\u00b4Entreprise"}]},{"@type":"WebSite","@id":"https:\/\/www.aceitesalbert.com\/#website","url":"https:\/\/www.aceitesalbert.com\/","name":"Aceites Albert","description":"Aceites de Oliva, Oliva Virgen Extra, Girasol y Semillas","publisher":{"@id":"https:\/\/www.aceitesalbert.com\/#organization"},"potentialAction":[{"@type":"SearchAction","target":{"@type":"EntryPoint","urlTemplate":"https:\/\/www.aceitesalbert.com\/?s={search_term_string}"},"query-input":{"@type":"PropertyValueSpecification","valueRequired":true,"valueName":"search_term_string"}}],"inLanguage":"fr-FR"},{"@type":"Organization","@id":"https:\/\/www.aceitesalbert.com\/#organization","name":"Aceites Albert S.L","url":"https:\/\/www.aceitesalbert.com\/","logo":{"@type":"ImageObject","inLanguage":"fr-FR","@id":"https:\/\/www.aceitesalbert.com\/#\/schema\/logo\/image\/","url":"https:\/\/www.aceitesalbert.com\/wp-content\/uploads\/2019\/09\/logo.png","contentUrl":"https:\/\/www.aceitesalbert.com\/wp-content\/uploads\/2019\/09\/logo.png","width":186,"height":186,"caption":"Aceites Albert S.L"},"image":{"@id":"https:\/\/www.aceitesalbert.com\/#\/schema\/logo\/image\/"}}]}},"_links":{"self":[{"href":"https:\/\/www.aceitesalbert.com\/fr\/wp-json\/wp\/v2\/pages\/11445","targetHints":{"allow":["GET"]}}],"collection":[{"href":"https:\/\/www.aceitesalbert.com\/fr\/wp-json\/wp\/v2\/pages"}],"about":[{"href":"https:\/\/www.aceitesalbert.com\/fr\/wp-json\/wp\/v2\/types\/page"}],"author":[{"embeddable":true,"href":"https:\/\/www.aceitesalbert.com\/fr\/wp-json\/wp\/v2\/users\/1"}],"replies":[{"embeddable":true,"href":"https:\/\/www.aceitesalbert.com\/fr\/wp-json\/wp\/v2\/comments?post=11445"}],"version-history":[{"count":4,"href":"https:\/\/www.aceitesalbert.com\/fr\/wp-json\/wp\/v2\/pages\/11445\/revisions"}],"predecessor-version":[{"id":11451,"href":"https:\/\/www.aceitesalbert.com\/fr\/wp-json\/wp\/v2\/pages\/11445\/revisions\/11451"}],"wp:attachment":[{"href":"https:\/\/www.aceitesalbert.com\/fr\/wp-json\/wp\/v2\/media?parent=11445"}],"curies":[{"name":"wp","href":"https:\/\/api.w.org\/{rel}","templated":true}]}}